{"id":87,"date":"2024-04-09T15:40:43","date_gmt":"2024-04-09T18:40:43","guid":{"rendered":"https:\/\/paulasibilia2.lugarestudio.com.br\/?page_id=87"},"modified":"2024-10-30T19:38:13","modified_gmt":"2024-10-30T22:38:13","slug":"os-corpos-na-midia","status":"publish","type":"page","link":"https:\/\/paulasibilia.com\/index.php\/os-corpos-na-midia\/","title":{"rendered":"&#8220;Os corpos da m\u00eddia&#8221; nas escolas"},"content":{"rendered":"<p>[et_pb_section fb_built=&#8221;1&#8243; admin_label=&#8221;LIVROS&#8221; _builder_version=&#8221;4.27.2&#8243; _module_preset=&#8221;default&#8221; background_color=&#8221;rgba(0,0,0,0.5)&#8221; background_image=&#8221;https:\/\/paulasibilia.com\/wp-content\/uploads\/2024\/10\/Projeto_CPM-escolas.jpg&#8221; background_blend=&#8221;multiply&#8221; background_pattern_horizontal_offset=&#8221;-100%&#8221; background_pattern_vertical_offset=&#8221;100%&#8221; width=&#8221;100%&#8221; max_width=&#8221;100%&#8221; module_alignment=&#8221;center&#8221; max_height=&#8221;100%&#8221; custom_margin=&#8221;-55px||0px||false|false&#8221; mix_blend_mode=&#8221;multiply&#8221; hover_enabled=&#8221;0&#8243; locked=&#8221;off&#8221; collapsed=&#8221;off&#8221; global_colors_info=&#8221;{}&#8221; title_text=&#8221;Projeto_CPM-escolas&#8221; sticky_enabled=&#8221;0&#8243;][et_pb_row column_structure=&#8221;2_3&#8243; _builder_version=&#8221;4.27.2&#8243; _module_preset=&#8221;default&#8221; custom_margin=&#8221;35px||||false|false&#8221; global_colors_info=&#8221;{}&#8221;][et_pb_column type=&#8221;2_3&#8243; _builder_version=&#8221;4.25.0&#8243; _module_preset=&#8221;default&#8221; global_colors_info=&#8221;{}&#8221;][et_pb_heading title=&#8221;PROJETO&#8221; _builder_version=&#8221;4.27.2&#8243; _module_preset=&#8221;default&#8221; title_font=&#8221;Poppins|300|||||||&#8221; title_text_align=&#8221;left&#8221; title_text_color=&#8221;#FFFFFF&#8221; title_font_size=&#8221;60px&#8221; title_letter_spacing=&#8221;7px&#8221; hover_enabled=&#8221;0&#8243; title_text_shadow_style=&#8221;preset3&#8243; global_colors_info=&#8221;{}&#8221; sticky_enabled=&#8221;0&#8243;][\/et_pb_heading][\/et_pb_column][\/et_pb_row][\/et_pb_section][et_pb_section fb_built=&#8221;1&#8243; admin_label=&#8221;Divisor-espa\u00e7o&#8221; _builder_version=&#8221;4.27.2&#8243; _module_preset=&#8221;default&#8221; background_color=&#8221;gcid-6c7d0226-7d00-4233-b6cb-ba10bc829a18&#8243; module_alignment=&#8221;center&#8221; custom_margin=&#8221;0px||0px||true|false&#8221; custom_padding=&#8221;0px||0px||true|false&#8221; locked=&#8221;off&#8221; collapsed=&#8221;off&#8221; global_colors_info=&#8221;{%22gcid-6c7d0226-7d00-4233-b6cb-ba10bc829a18%22:%91%22background_color%22%93}&#8221;][et_pb_row _builder_version=&#8221;4.25.0&#8243; _module_preset=&#8221;default&#8221; width=&#8221;100%&#8221; module_alignment=&#8221;center&#8221; custom_margin=&#8221;0px|0px|0px|0px|true|true&#8221; custom_padding=&#8221;5px||5px||true|false&#8221; global_colors_info=&#8221;{}&#8221;][et_pb_column type=&#8221;4_4&#8243; _builder_version=&#8221;4.25.0&#8243; _module_preset=&#8221;default&#8221; global_colors_info=&#8221;{}&#8221;][et_pb_divider show_divider=&#8221;off&#8221; _builder_version=&#8221;4.25.0&#8243; _module_preset=&#8221;default&#8221; module_alignment=&#8221;center&#8221; max_height=&#8221;0px&#8221; custom_margin=&#8221;0px||0px||true|false&#8221; custom_padding=&#8221;0px||0px||true|false&#8221; global_colors_info=&#8221;{}&#8221;][\/et_pb_divider][\/et_pb_column][\/et_pb_row][\/et_pb_section][et_pb_section fb_built=&#8221;1&#8243; _builder_version=&#8221;4.27.2&#8243; _module_preset=&#8221;default&#8221; background_color=&#8221;gcid-6c7d0226-7d00-4233-b6cb-ba10bc829a18&#8243; custom_padding=&#8221;0px|0px|30px|0px|false|true&#8221; global_colors_info=&#8221;{%22gcid-6c7d0226-7d00-4233-b6cb-ba10bc829a18%22:%91%22background_color%22%93}&#8221;][et_pb_row _builder_version=&#8221;4.27.2&#8243; _module_preset=&#8221;default&#8221; custom_padding=&#8221;30px|0px|20px|0px|false|true&#8221; locked=&#8221;off&#8221; global_colors_info=&#8221;{}&#8221;][et_pb_column type=&#8221;4_4&#8243; _builder_version=&#8221;4.24.3&#8243; _module_preset=&#8221;default&#8221; custom_padding=&#8221;|100px|||false|false&#8221; global_colors_info=&#8221;{}&#8221;][et_pb_heading title=&#8221;%22Os corpos da m\u00eddia%22 nas escolas&#8221; _builder_version=&#8221;4.27.2&#8243; _module_preset=&#8221;default&#8221; title_font=&#8221;Poppins|300||on|||||&#8221; title_text_color=&#8221;gcid-body-color&#8221; title_font_size=&#8221;35px&#8221; title_line_height=&#8221;1.3em&#8221; custom_margin=&#8221;0px||0px||true|false&#8221; custom_padding=&#8221;5px|0px|0px|0px|false|true&#8221; hover_enabled=&#8221;0&#8243; global_colors_info=&#8221;{%22gcid-body-color%22:%91%22title_text_color%22%93}&#8221; sticky_enabled=&#8221;0&#8243;][\/et_pb_heading][\/et_pb_column][\/et_pb_row][et_pb_row _builder_version=&#8221;4.27.2&#8243; _module_preset=&#8221;default&#8221; custom_padding=&#8221;20px|0px|35px|0px|false|true&#8221; global_colors_info=&#8221;{}&#8221;][et_pb_column type=&#8221;4_4&#8243; _builder_version=&#8221;4.24.3&#8243; _module_preset=&#8221;default&#8221; custom_padding=&#8221;|0px|||false|false&#8221; global_colors_info=&#8221;{}&#8221;][et_pb_text _builder_version=&#8221;4.27.2&#8243; _module_preset=&#8221;default&#8221; text_orientation=&#8221;justified&#8221; custom_margin=&#8221;0px||0px||true|false&#8221; custom_padding=&#8221;0px||0px||true|false&#8221; global_colors_info=&#8221;{}&#8221;]<\/p>\n<p>Trata-se de um conjunto de atividades realizadas junto a alunos do ensino m\u00e9dio em escolas p\u00fablicas sediadas no Estado do Rio de Janeiro, como parte dos projetos de pesquisa &#8220;Os corpos perfeitos da m\u00eddia e a moral da boa forma: Paradoxos da sa\u00fade, da beleza e da juventude nas experi\u00eancias corporais contempor\u00e2neas&#8221;, desenvolvido entre 2010 e 2013; e &#8220;Da purifica\u00e7\u00e3o midi\u00e1tica \u00e0 explicita\u00e7\u00e3o art\u00edstica: Os corpos vis\u00edveis contempor\u00e2neos no limiar da obscenidade&#8221;, com vig\u00eancia de 2013 a 2016.<\/p>\n<p>Esses dois projetos foram financiados pela FAPERJ, como parte das a\u00e7\u00f5es contempladas com duas edi\u00e7\u00f5es sucessivas da Bolsa Jovem Cientista do Nosso Estado.<\/p>\n<p>[\/et_pb_text][\/et_pb_column][\/et_pb_row][et_pb_row column_structure=&#8221;1_2,1_2&#8243; use_custom_gutter=&#8221;on&#8221; gutter_width=&#8221;2&#8243; make_equal=&#8221;on&#8221; _builder_version=&#8221;4.27.2&#8243; _module_preset=&#8221;default&#8221; width=&#8221;100%&#8221; module_alignment=&#8221;center&#8221; custom_margin=&#8221;0px||0px||true|false&#8221; custom_padding=&#8221;0px|0px|0px|0px|false|true&#8221; global_colors_info=&#8221;{}&#8221;][et_pb_column type=&#8221;1_2&#8243; _builder_version=&#8221;4.24.3&#8243; _module_preset=&#8221;default&#8221; global_colors_info=&#8221;{}&#8221;][et_pb_image src=&#8221;https:\/\/paulasibilia.com\/wp-content\/uploads\/2024\/10\/CME-01.jpg&#8221; title_text=&#8221;CME-01&#8243; _builder_version=&#8221;4.27.2&#8243; _module_preset=&#8221;default&#8221; custom_margin=&#8221;0px||0px||true|false&#8221; custom_padding=&#8221;0px||0px||true|false&#8221; global_colors_info=&#8221;{}&#8221;][\/et_pb_image][et_pb_text _builder_version=&#8221;4.27.2&#8243; _module_preset=&#8221;default&#8221; text_font=&#8221;Poppins||||||||&#8221; text_font_size=&#8221;13px&#8221; text_letter_spacing=&#8221;2px&#8221; custom_margin=&#8221;0px||0px||true|false&#8221; custom_padding=&#8221;0px||0px|10px|true|false&#8221; global_colors_info=&#8221;{}&#8221;]<\/p>\n<p>2013<\/p>\n<p>[\/et_pb_text][\/et_pb_column][et_pb_column type=&#8221;1_2&#8243; _builder_version=&#8221;4.27.2&#8243; _module_preset=&#8221;default&#8221; custom_padding=&#8221;0px||0px||true|false&#8221; global_colors_info=&#8221;{}&#8221;][et_pb_image src=&#8221;https:\/\/paulasibilia.com\/wp-content\/uploads\/2024\/10\/CME-02.jpg&#8221; title_text=&#8221;CME-02&#8243; _builder_version=&#8221;4.27.2&#8243; _module_preset=&#8221;default&#8221; custom_margin=&#8221;0px||0px||true|false&#8221; custom_padding=&#8221;0px||0px||true|false&#8221; global_colors_info=&#8221;{}&#8221;][\/et_pb_image][et_pb_text _builder_version=&#8221;4.27.2&#8243; _module_preset=&#8221;default&#8221; text_font=&#8221;Poppins||||||||&#8221; text_font_size=&#8221;13px&#8221; text_letter_spacing=&#8221;2px&#8221; custom_margin=&#8221;0px||0px||true|false&#8221; custom_padding=&#8221;0px||0px|10px|true|false&#8221; global_colors_info=&#8221;{}&#8221;]<\/p>\n<p>2016<\/p>\n<p>&nbsp;<\/p>\n<p>[\/et_pb_text][\/et_pb_column][\/et_pb_row][et_pb_row _builder_version=&#8221;4.27.2&#8243; _module_preset=&#8221;default&#8221; custom_padding=&#8221;0px|0px|30px|0px|false|true&#8221; global_colors_info=&#8221;{}&#8221;][et_pb_column type=&#8221;4_4&#8243; _builder_version=&#8221;4.24.3&#8243; _module_preset=&#8221;default&#8221; global_colors_info=&#8221;{}&#8221;][et_pb_text _builder_version=&#8221;4.27.2&#8243; _module_preset=&#8221;default&#8221; text_orientation=&#8221;justified&#8221; custom_margin=&#8221;0px||0px||true|false&#8221; custom_padding=&#8221;0px||0px||true|false&#8221; inline_fonts=&#8221;Poppins&#8221; global_colors_info=&#8221;{}&#8221;]<\/p>\n<p style=\"text-align: justify; font-size: 15px;\" class=\"font_8 wixui-rich-text__text\"><span class=\"color_15 wixui-rich-text__text\">Em primeiro lugar, o projeto visa a facilitar uma interlocu\u00e7\u00e3o entre psicanalistas da\u00a0Argentina e do Brasil, bem como entre eles e um p\u00fablico mais amplo de falantes das l\u00ednguas espanhola e portuguesa.<\/span><\/p>\n<p style=\"text-align: justify; font-size: 15px;\" class=\"font_8 wixui-rich-text__text\"><span class=\"color_15 wixui-rich-text__text\">Al\u00e9m disso, a inten\u00e7\u00e3o \u00e9 tecer um di\u00e1logo entre a Psican\u00e1lise e as Ci\u00eancias Sociais, particularmente a Comunica\u00e7\u00e3o, focalizando uma s\u00e9rie de transforma\u00e7\u00f5es hist\u00f3ricas que est\u00e3o em andamento e que afetam a produ\u00e7\u00e3o de subjetividades. Trata-se de mudan\u00e7as extremamente complexas, que envolvem um conjunto de fatores socioculturais, pol\u00edticos e econ\u00f4micos. Dentro desse vasto fen\u00f4meno, procura-se indagar o est\u00edmulo para a configura\u00e7\u00e3o de um tipo de &#8220;identidade&#8221; que se constr\u00f3i e se alicer\u00e7a, de modo crescente, na visibilidade e na busca de prazer.<\/span><span class=\"color_15 wixui-rich-text__text\"><\/span><\/p>\n<p>[\/et_pb_text][\/et_pb_column][\/et_pb_row][et_pb_row column_structure=&#8221;1_2,1_2&#8243; use_custom_gutter=&#8221;on&#8221; gutter_width=&#8221;2&#8243; make_equal=&#8221;on&#8221; _builder_version=&#8221;4.27.2&#8243; _module_preset=&#8221;default&#8221; width=&#8221;100%&#8221; module_alignment=&#8221;center&#8221; custom_margin=&#8221;0px||0px||true|false&#8221; custom_padding=&#8221;0px|0px|0px|0px|false|true&#8221; global_colors_info=&#8221;{}&#8221;][et_pb_column type=&#8221;1_2&#8243; _builder_version=&#8221;4.24.3&#8243; _module_preset=&#8221;default&#8221; global_colors_info=&#8221;{}&#8221;][et_pb_image src=&#8221;https:\/\/paulasibilia.com\/wp-content\/uploads\/2024\/10\/CME-03.jpg&#8221; title_text=&#8221;CME-03&#8243; _builder_version=&#8221;4.27.2&#8243; _module_preset=&#8221;default&#8221; custom_margin=&#8221;0px||0px||true|false&#8221; custom_padding=&#8221;0px||0px||true|false&#8221; global_colors_info=&#8221;{}&#8221;][\/et_pb_image][et_pb_text _builder_version=&#8221;4.27.2&#8243; _module_preset=&#8221;default&#8221; text_font=&#8221;Poppins||||||||&#8221; text_font_size=&#8221;12px&#8221; custom_margin=&#8221;0px||0px||true|false&#8221; custom_padding=&#8221;0px||0px|10px|true|false&#8221; global_colors_info=&#8221;{}&#8221;]<\/p>\n<p>Col\u00e9gio T\u00e9cnico da Universidade Federal Rural do Rio de Janeiro (CTUR).<\/p>\n<p>[\/et_pb_text][\/et_pb_column][et_pb_column type=&#8221;1_2&#8243; _builder_version=&#8221;4.24.3&#8243; _module_preset=&#8221;default&#8221; global_colors_info=&#8221;{}&#8221;][et_pb_image src=&#8221;https:\/\/paulasibilia.com\/wp-content\/uploads\/2024\/10\/CME-04.jpg&#8221; title_text=&#8221;CME-04&#8243; _builder_version=&#8221;4.27.2&#8243; _module_preset=&#8221;default&#8221; custom_margin=&#8221;0px||0px||true|false&#8221; custom_padding=&#8221;0px||0px||true|false&#8221; global_colors_info=&#8221;{}&#8221;][\/et_pb_image][et_pb_text _builder_version=&#8221;4.27.2&#8243; _module_preset=&#8221;default&#8221; text_font=&#8221;Poppins||||||||&#8221; text_font_size=&#8221;12px&#8221; custom_margin=&#8221;0px||0px||true|false&#8221; custom_padding=&#8221;0px||0px|10px|true|false&#8221; global_colors_info=&#8221;{}&#8221;]<\/p>\n<p>Col\u00e9gio Estadual Jos\u00e9 Leite Lopes &#8211; NAVE (N\u00facleo Avan\u00e7ado em Educa\u00e7\u00e3o).<\/p>\n<p>&nbsp;<\/p>\n<p>[\/et_pb_text][\/et_pb_column][\/et_pb_row][et_pb_row _builder_version=&#8221;4.27.2&#8243; _module_preset=&#8221;default&#8221; custom_padding=&#8221;0px|0px|30px|0px|false|true&#8221; global_colors_info=&#8221;{}&#8221;][et_pb_column type=&#8221;4_4&#8243; _builder_version=&#8221;4.24.3&#8243; _module_preset=&#8221;default&#8221; global_colors_info=&#8221;{}&#8221;][et_pb_text _builder_version=&#8221;4.27.2&#8243; _module_preset=&#8221;default&#8221; text_font=&#8221;||||||||&#8221; text_orientation=&#8221;justified&#8221; custom_margin=&#8221;0px||0px||true|false&#8221; custom_padding=&#8221;0px||0px||true|false&#8221; inline_fonts=&#8221;Poppins&#8221; global_colors_info=&#8221;{}&#8221;]<\/p>\n<p style=\"text-align: justify; font-size: 15px;\" class=\"font_8 wixui-rich-text__text\"><span class=\"color_15 wixui-rich-text__text\">Para realizar essa sondagem, foram convocados destacados psicanalistas da Argentina e do Brasil, que est\u00e3o pensando essas quest\u00f5es e que sobre elas escreveram com base em sua experi\u00eancia na pr\u00e1tica cl\u00ednica.\u00a0Participaram do projeto onze psicanalistas, sediados nas principais cidades da Argentina e do Brasil:\u00a0<span class=\"wixui-rich-text__text\">Benilton Bezerra Jr.<\/span>,\u00a0<span class=\"wixui-rich-text__text\">Joel Birman<\/span>,\u00a0<span class=\"wixui-rich-text__text\">Tania Rivera<\/span>\u00a0e\u00a0<span class=\"wixui-rich-text__text\">Teresa Pinheiro<\/span>\u00a0(Rio de Janeiro);\u00a0<span class=\"wixui-rich-text__text\">Christian Dunker<\/span>,\u00a0<span class=\"wixui-rich-text__text\">Mario Fuks<\/span>,\u00a0<span class=\"wixui-rich-text__text\">Lucia Fuks,\u00a0Renato Mezan e\u00a0<\/span><span class=\"wixui-rich-text__text\">Suely Rolnik<\/span>,\u00a0(S\u00e3o Paulo);\u00a0<span class=\"wixui-rich-text__text\">C\u00e9sar Merea<\/span>\u00a0e\u00a0<span class=\"wixui-rich-text__text\">Ricardo Rodulfo<\/span>\u00a0(Buenos Aires).<\/span><\/p>\n<p>[\/et_pb_text][\/et_pb_column][\/et_pb_row][et_pb_row column_structure=&#8221;1_2,1_2&#8243; use_custom_gutter=&#8221;on&#8221; gutter_width=&#8221;2&#8243; make_equal=&#8221;on&#8221; _builder_version=&#8221;4.27.2&#8243; _module_preset=&#8221;default&#8221; width=&#8221;100%&#8221; module_alignment=&#8221;center&#8221; custom_margin=&#8221;0px||0px||true|false&#8221; custom_padding=&#8221;0px|0px|0px|0px|false|true&#8221; global_colors_info=&#8221;{}&#8221;][et_pb_column type=&#8221;1_2&#8243; _builder_version=&#8221;4.24.3&#8243; _module_preset=&#8221;default&#8221; global_colors_info=&#8221;{}&#8221;][et_pb_image src=&#8221;https:\/\/paulasibilia.com\/wp-content\/uploads\/2024\/10\/CME-05.jpg&#8221; title_text=&#8221;CME-05&#8243; _builder_version=&#8221;4.27.2&#8243; _module_preset=&#8221;default&#8221; custom_margin=&#8221;0px||0px||true|false&#8221; custom_padding=&#8221;0px||0px||true|false&#8221; global_colors_info=&#8221;{}&#8221;][\/et_pb_image][et_pb_text _builder_version=&#8221;4.27.2&#8243; _module_preset=&#8221;default&#8221; text_font=&#8221;Poppins||||||||&#8221; text_font_size=&#8221;12px&#8221; custom_margin=&#8221;0px||0px||true|false&#8221; custom_padding=&#8221;0px||0px|10px|true|false&#8221; global_colors_info=&#8221;{}&#8221;]<\/p>\n<p>Col\u00e9gio Estadual Andr\u00e9 Maurois.<\/p>\n<p>[\/et_pb_text][\/et_pb_column][et_pb_column type=&#8221;1_2&#8243; _builder_version=&#8221;4.24.3&#8243; _module_preset=&#8221;default&#8221; global_colors_info=&#8221;{}&#8221;][et_pb_image src=&#8221;https:\/\/paulasibilia.com\/wp-content\/uploads\/2024\/10\/CME-06.jpg&#8221; title_text=&#8221;CME-06&#8243; _builder_version=&#8221;4.27.2&#8243; _module_preset=&#8221;default&#8221; custom_margin=&#8221;0px||0px||true|false&#8221; custom_padding=&#8221;0px||0px||true|false&#8221; global_colors_info=&#8221;{}&#8221;][\/et_pb_image][et_pb_text _builder_version=&#8221;4.27.2&#8243; _module_preset=&#8221;default&#8221; text_font=&#8221;Poppins||||||||&#8221; text_font_size=&#8221;12px&#8221; custom_margin=&#8221;0px||0px||true|false&#8221; custom_padding=&#8221;0px||0px|10px|true|false&#8221; global_colors_info=&#8221;{}&#8221;]<\/p>\n<p>CIEP 422 &#8211; Nicanor Ferreira Nunes.<\/p>\n<p>&nbsp;<\/p>\n<p>[\/et_pb_text][\/et_pb_column][\/et_pb_row][et_pb_row _builder_version=&#8221;4.27.2&#8243; _module_preset=&#8221;default&#8221; custom_padding=&#8221;0px|0px|30px|0px|false|true&#8221; global_colors_info=&#8221;{}&#8221;][et_pb_column type=&#8221;4_4&#8243; _builder_version=&#8221;4.24.3&#8243; _module_preset=&#8221;default&#8221; global_colors_info=&#8221;{}&#8221;][et_pb_text _builder_version=&#8221;4.27.2&#8243; _module_preset=&#8221;default&#8221; text_orientation=&#8221;justified&#8221; custom_margin=&#8221;0px||0px||true|false&#8221; custom_padding=&#8221;0px||0px||true|false&#8221; inline_fonts=&#8221;Poppins&#8221; global_colors_info=&#8221;{}&#8221;]<\/p>\n<p style=\"text-align: justify; font-size: 15px;\" class=\"font_8 wixui-rich-text__text\"><span class=\"color_15 wixui-rich-text__text\">Esta proposta se inclui dentro de um projeto de pesquisa mais amplo, no campo da &#8220;genealogia das subjetividades&#8221;, que procura mapear as rela\u00e7\u00f5es atuais entre identidade, visibilidade e prazer, com o fim de contribuir para uma eventual atualiza\u00e7\u00e3o dos elementos que comp\u00f5em a no\u00e7\u00e3o de psiquismo. Para consumar esse objetivo, recorre-se a uma pesquisa interdisciplinar, cujos principais eixos conceituais s\u00e3o os seguintes: uma &#8220;identidade&#8221; que se constr\u00f3i de modo crescente na visibilidade e que aposta na capacidade de ser visto para se legitimar; uma reivindica\u00e7\u00e3o e at\u00e9 uma certa &#8220;politiza\u00e7\u00e3o&#8221; do prazer, da auto-realiza\u00e7\u00e3o e da felicidade individual, para al\u00e9m de qualquer limite ou valor transcendente; uma generaliza\u00e7\u00e3o do consumo como referente identit\u00e1rio; uma centralidade do corpo como imagem e como fonte priorit\u00e1ria ou mesmo exclusiva\u00a0de satisfa\u00e7\u00e3o; e, por fim, um concomitante decl\u00ednio da no\u00e7\u00e3o de &#8220;interioridade&#8221;.\u200b<\/span><\/p>\n<p>[\/et_pb_text][\/et_pb_column][\/et_pb_row][et_pb_row column_structure=&#8221;1_2,1_2&#8243; use_custom_gutter=&#8221;on&#8221; gutter_width=&#8221;2&#8243; make_equal=&#8221;on&#8221; _builder_version=&#8221;4.27.2&#8243; _module_preset=&#8221;default&#8221; width=&#8221;100%&#8221; module_alignment=&#8221;center&#8221; custom_margin=&#8221;0px||0px||true|false&#8221; custom_padding=&#8221;0px|0px|0px|0px|false|true&#8221; global_colors_info=&#8221;{}&#8221;][et_pb_column type=&#8221;1_2&#8243; _builder_version=&#8221;4.24.3&#8243; _module_preset=&#8221;default&#8221; global_colors_info=&#8221;{}&#8221;][et_pb_image src=&#8221;https:\/\/paulasibilia.com\/wp-content\/uploads\/2024\/10\/CME-07.jpg&#8221; title_text=&#8221;CME-07&#8243; _builder_version=&#8221;4.27.2&#8243; _module_preset=&#8221;default&#8221; custom_margin=&#8221;0px||0px||true|false&#8221; custom_padding=&#8221;0px||0px||true|false&#8221; global_colors_info=&#8221;{}&#8221;][\/et_pb_image][et_pb_text _builder_version=&#8221;4.27.2&#8243; _module_preset=&#8221;default&#8221; text_font=&#8221;Poppins||||||||&#8221; text_font_size=&#8221;12px&#8221; custom_margin=&#8221;0px||0px||true|false&#8221; custom_padding=&#8221;0px||0px|10px|true|false&#8221; global_colors_info=&#8221;{}&#8221;]<\/p>\n<p>CIEP 422 &#8211; Nicanor Ferreira Nunes.<\/p>\n<p>[\/et_pb_text][\/et_pb_column][et_pb_column type=&#8221;1_2&#8243; _builder_version=&#8221;4.24.3&#8243; _module_preset=&#8221;default&#8221; global_colors_info=&#8221;{}&#8221;][et_pb_text _builder_version=&#8221;4.27.2&#8243; _module_preset=&#8221;default&#8221; text_font=&#8221;Poppins||||||||&#8221; text_text_color=&#8221;#000000&#8243; text_font_size=&#8221;10px&#8221; header_font=&#8221;|||||on|||&#8221; text_orientation=&#8221;justified&#8221; custom_margin=&#8221;0px||0px||true|false&#8221; custom_padding=&#8221;0px||0px|10px|true|false&#8221; global_colors_info=&#8221;{}&#8221;]<\/p>\n<h6 class=\"HcOXKn SxM0TO QxJLC3 lq2cno comp-jfcu1wro wixui-rich-text\" data-testid=\"richTextElement\"><span style=\"color: #993366;\"><strong>Organiza\u00e7\u00e3o &#8211; 2013<\/strong><\/span><\/h6>\n<p class=\"font_8 wixui-rich-text__text\" style=\"font-size: 15px;\">Paula Sibilia (coordenadora), Carlos Coelho Filho, Fernanda Cupolillo, Julio C\u00e9sar Sanches, L\u00edgia Diogo, Manuela Galindo, <span style=\"font-size: 15px;\" class=\"wixui-rich-text__text\">Marianna Ferreira Jorge<\/span><span style=\"font-size: 12px;\" class=\"wixui-rich-text__text\">, <\/span>Raffaella de Antonellis, <span style=\"font-size: 15px;\" class=\"wixui-rich-text__text\">Sarah Nery.<\/span><span style=\"font-size: 12px;\" class=\"wixui-rich-text__text\"><br \/><\/span><\/p>\n<p>&nbsp;<\/p>\n<p>[\/et_pb_text][et_pb_text _builder_version=&#8221;4.27.2&#8243; _module_preset=&#8221;default&#8221; text_font=&#8221;Poppins||||||||&#8221; text_text_color=&#8221;#000000&#8243; text_font_size=&#8221;10px&#8221; header_font=&#8221;|||||on|||&#8221; text_orientation=&#8221;justified&#8221; custom_margin=&#8221;0px||0px||true|false&#8221; custom_padding=&#8221;0px||0px|10px|true|false&#8221; global_colors_info=&#8221;{}&#8221;]<\/p>\n<h6 class=\"HcOXKn SxM0TO QxJLC3 lq2cno comp-jfcu1wro wixui-rich-text\" data-testid=\"richTextElement\"><span style=\"color: #993366;\"><strong>Organiza\u00e7\u00e3o &#8211; 2016<\/strong><\/span><\/h6>\n<p class=\"font_8 wixui-rich-text__text\" style=\"font-size: 15px;\">Paula Sibilia (coordenadora), <span style=\"font-size: 15px;\" class=\"wixui-rich-text__text\">Marianna Ferreira Jorge<\/span><span style=\"font-size: 15px;\" class=\"wixui-rich-text__text\">.<\/span><span style=\"font-size: 12px;\" class=\"wixui-rich-text__text\"><br \/><\/span><\/p>\n<p>&nbsp;<\/p>\n<p>[\/et_pb_text][\/et_pb_column][\/et_pb_row][\/et_pb_section][et_pb_section fb_built=&#8221;1&#8243; _builder_version=&#8221;4.27.2&#8243; _module_preset=&#8221;default&#8221; background_color=&#8221;gcid-6c7d0226-7d00-4233-b6cb-ba10bc829a18&#8243; custom_margin=&#8221;0px||0px||true|false&#8221; custom_padding=&#8221;0px||0px||true|false&#8221; global_colors_info=&#8221;{%22gcid-6c7d0226-7d00-4233-b6cb-ba10bc829a18%22:%91%22background_color%22%93}&#8221;][et_pb_row use_custom_gutter=&#8221;on&#8221; gutter_width=&#8221;1&#8243; make_equal=&#8221;on&#8221; _builder_version=&#8221;4.27.2&#8243; _module_preset=&#8221;default&#8221; width=&#8221;100%&#8221; max_width=&#8221;100%&#8221; custom_margin=&#8221;0px||0px||true|false&#8221; custom_padding=&#8221;25px||25px||true|false&#8221; locked=&#8221;off&#8221; global_colors_info=&#8221;{}&#8221;][et_pb_column type=&#8221;4_4&#8243; _builder_version=&#8221;4.25.0&#8243; _module_preset=&#8221;default&#8221; global_colors_info=&#8221;{}&#8221;][\/et_pb_column][\/et_pb_row][\/et_pb_section]<\/p>\n","protected":false},"excerpt":{"rendered":"<p>Trata-se de um conjunto de atividades realizadas junto a alunos do ensino m\u00e9dio em escolas p\u00fablicas sediadas no Estado do Rio de Janeiro, como parte dos projetos de pesquisa &#8220;Os corpos perfeitos da m\u00eddia e a moral da boa forma: Paradoxos da sa\u00fade, da beleza e da juventude nas experi\u00eancias corporais contempor\u00e2neas&#8221;, desenvolvido entre 2010 [&hellip;]<\/p>\n","protected":false},"author":1,"featured_media":0,"parent":0,"menu_order":0,"comment_status":"closed","ping_status":"closed","template":"","meta":{"_et_pb_use_builder":"on","_et_pb_old_content":"","_et_gb_content_width":"","footnotes":""},"class_list":["post-87","page","type-page","status-publish","hentry"],"_links":{"self":[{"href":"https:\/\/paulasibilia.com\/index.php\/wp-json\/wp\/v2\/pages\/87","targetHints":{"allow":["GET"]}}],"collection":[{"href":"https:\/\/paulasibilia.com\/index.php\/wp-json\/wp\/v2\/pages"}],"about":[{"href":"https:\/\/paulasibilia.com\/index.php\/wp-json\/wp\/v2\/types\/page"}],"author":[{"embeddable":true,"href":"https:\/\/paulasibilia.com\/index.php\/wp-json\/wp\/v2\/users\/1"}],"replies":[{"embeddable":true,"href":"https:\/\/paulasibilia.com\/index.php\/wp-json\/wp\/v2\/comments?post=87"}],"version-history":[{"count":11,"href":"https:\/\/paulasibilia.com\/index.php\/wp-json\/wp\/v2\/pages\/87\/revisions"}],"predecessor-version":[{"id":232942,"href":"https:\/\/paulasibilia.com\/index.php\/wp-json\/wp\/v2\/pages\/87\/revisions\/232942"}],"wp:attachment":[{"href":"https:\/\/paulasibilia.com\/index.php\/wp-json\/wp\/v2\/media?parent=87"}],"curies":[{"name":"wp","href":"https:\/\/api.w.org\/{rel}","templated":true}]}}