{"id":69,"date":"2024-04-09T15:34:27","date_gmt":"2024-04-09T18:34:27","guid":{"rendered":"https:\/\/paulasibilia2.lugarestudio.com.br\/?page_id=69"},"modified":"2024-10-30T20:12:32","modified_gmt":"2024-10-30T23:12:32","slug":"genealogia-da-obsenidade","status":"publish","type":"page","link":"https:\/\/paulasibilia.com\/index.php\/genealogia-da-obsenidade\/","title":{"rendered":"Genealogia da Obscenidade"},"content":{"rendered":"<p>[et_pb_section fb_built=&#8221;1&#8243; admin_label=&#8221;LIVROS&#8221; _builder_version=&#8221;4.27.2&#8243; _module_preset=&#8221;default&#8221; background_color=&#8221;rgba(113,74,219,0.72)&#8221; background_blend=&#8221;multiply&#8221; background_pattern_horizontal_offset=&#8221;-100%&#8221; background_pattern_vertical_offset=&#8221;100%&#8221; width=&#8221;100%&#8221; max_width=&#8221;100%&#8221; module_alignment=&#8221;center&#8221; max_height=&#8221;100%&#8221; custom_margin=&#8221;-55px||0px||false|false&#8221; mix_blend_mode=&#8221;multiply&#8221; hover_enabled=&#8221;0&#8243; locked=&#8221;off&#8221; collapsed=&#8221;off&#8221; global_colors_info=&#8221;{}&#8221; background_enable_image=&#8221;off&#8221; sticky_enabled=&#8221;0&#8243;][et_pb_row column_structure=&#8221;2_3&#8243; _builder_version=&#8221;4.27.2&#8243; _module_preset=&#8221;default&#8221; custom_margin=&#8221;35px||||false|false&#8221; global_colors_info=&#8221;{}&#8221;][et_pb_column type=&#8221;2_3&#8243; _builder_version=&#8221;4.25.0&#8243; _module_preset=&#8221;default&#8221; global_colors_info=&#8221;{}&#8221;][et_pb_heading title=&#8221;PESQUISA&#8221; _builder_version=&#8221;4.27.2&#8243; _module_preset=&#8221;default&#8221; title_font=&#8221;Poppins|300|||||||&#8221; title_text_align=&#8221;left&#8221; title_text_color=&#8221;#FFFFFF&#8221; title_font_size=&#8221;60px&#8221; title_letter_spacing=&#8221;7px&#8221; hover_enabled=&#8221;0&#8243; title_text_shadow_style=&#8221;preset3&#8243; global_colors_info=&#8221;{}&#8221; sticky_enabled=&#8221;0&#8243;][\/et_pb_heading][\/et_pb_column][\/et_pb_row][\/et_pb_section][et_pb_section fb_built=&#8221;1&#8243; _builder_version=&#8221;4.27.2&#8243; _module_preset=&#8221;default&#8221; background_color=&#8221;gcid-6c7d0226-7d00-4233-b6cb-ba10bc829a18&#8243; custom_padding=&#8221;30px||35px||false|false&#8221; hover_enabled=&#8221;0&#8243; global_colors_info=&#8221;{%22gcid-6c7d0226-7d00-4233-b6cb-ba10bc829a18%22:%91%22background_color%22%93}&#8221; sticky_enabled=&#8221;0&#8243;][et_pb_row _builder_version=&#8221;4.27.2&#8243; _module_preset=&#8221;default&#8221; custom_padding=&#8221;30px|0px|0px|0px|false|true&#8221; locked=&#8221;off&#8221; global_colors_info=&#8221;{}&#8221;][et_pb_column type=&#8221;4_4&#8243; _builder_version=&#8221;4.24.3&#8243; _module_preset=&#8221;default&#8221; custom_padding=&#8221;|100px|||false|false&#8221; global_colors_info=&#8221;{}&#8221;][et_pb_heading title=&#8221;Genealogia da obscenidade&#8221; _builder_version=&#8221;4.27.2&#8243; _module_preset=&#8221;default&#8221; title_font=&#8221;Poppins|300||on|||||&#8221; title_text_color=&#8221;#000000&#8243; title_font_size=&#8221;35px&#8221; title_line_height=&#8221;1.3em&#8221; custom_margin=&#8221;0px||0px||true|false&#8221; custom_padding=&#8221;5px|0px|0px|0px|false|true&#8221; hover_enabled=&#8221;0&#8243; global_colors_info=&#8221;{}&#8221; sticky_enabled=&#8221;0&#8243;][\/et_pb_heading][et_pb_heading title=&#8221;Da pornifica\u00e7\u00e3o do olhar \u00e0 politiza\u00e7\u00e3o da nudez&#8221; _builder_version=&#8221;4.27.2&#8243; _module_preset=&#8221;default&#8221; title_level=&#8221;h3&#8243; title_font=&#8221;Poppins|||on|||||&#8221; title_text_align=&#8221;left&#8221; title_text_color=&#8221;#6d5400&#8243; title_font_size=&#8221;19px&#8221; title_letter_spacing=&#8221;1px&#8221; title_line_height=&#8221;1.5em&#8221; custom_margin=&#8221;0px||0px||true|false&#8221; custom_padding=&#8221;0px||0px||true|false&#8221; global_colors_info=&#8221;{}&#8221;][\/et_pb_heading][\/et_pb_column][\/et_pb_row][et_pb_row _builder_version=&#8221;4.27.2&#8243; _module_preset=&#8221;default&#8221; custom_padding=&#8221;20px|0px|20px|0px|false|true&#8221; global_colors_info=&#8221;{}&#8221;][et_pb_column type=&#8221;4_4&#8243; _builder_version=&#8221;4.24.3&#8243; _module_preset=&#8221;default&#8221; global_colors_info=&#8221;{}&#8221;][et_pb_text _builder_version=&#8221;4.27.2&#8243; _module_preset=&#8221;default&#8221; text_orientation=&#8221;justified&#8221; global_colors_info=&#8221;{}&#8221;]<\/p>\n<p style=\"text-align: justify;\">Nos dois projetos trienais anteriores, foram examinadas algumas caracter\u00edsticas do fen\u00f4meno conhecido como &#8220;culto ao corpo&#8221; nos discursos midi\u00e1ticos e art\u00edsticos contempor\u00e2neos, sempre com o intuito de identificar suas implica\u00e7\u00f5es na produ\u00e7\u00e3o de um tipo de subjetividade diferenciada das vertentes modernas. Continuando essa pesquisa, agora pretendemos detectar os impactos dessas transforma\u00e7\u00f5es no que se considera obsceno. Assim, desdobrando sempre uma perspectiva geneal\u00f3gica, parte-se aqui da suspeita de que estaria ocorrendo um deslocamento nessa defini\u00e7\u00e3o de obscenidade. Atualmente, as imagens de nudez e \u00e0s alus\u00f5es \u00e0 sexualidade expl\u00edcita se multiplicam na paisagem midi\u00e1tica e art\u00edstica; portanto, estas n\u00e3o parecem mais capazes de provocar fortes mal-estares na moral vigente, tendo deixado de suscitar as pol\u00eamicas e os \u00edmpetos censores que costumavam causar at\u00e9 meados do s\u00e9culo passado. Contudo, isso n\u00e3o significa que tenham ocorrido somente movimentos &#8220;libertadores&#8221;, no sentido de flexibilizar e relaxar esses tabus relativos a certas imagens e pr\u00e1ticas corporais. O processo hist\u00f3rico \u00e9 mais complexo, envolvendo algumas reformula\u00e7\u00f5es importantes que merecem ser mapeadas. Enquanto as imagens de nudez e erotismo n\u00e3o cessam de proliferar, cresce tamb\u00e9m a tend\u00eancia a reprovar somente algumas delas por serem &#8220;obscenas&#8221; ou &#8220;indecentes&#8221; em novos sentidos, sendo condenadas \u00e0 invisibilidade com argumentos que reivindicam algo da ordem da pureza e da lisura nas superf\u00edcies corporais, e n\u00e3o mais por ofenderem os valores morais oitocentistas, ligados aos c\u00e2nones da beleza cl\u00e1ssica e aos pudores sexuais tipicamente burgueses. As novas atitudes convivem, por\u00e9m, com um variado conjunto de resist\u00eancias e disputas, particularmente no \u00e2mbito das artes visuais contempor\u00e2neas, mas tamb\u00e9m nos jogos midi\u00e1ticos e nas m\u00faltiplas manifesta\u00e7\u00f5es da internet. Nessas lutas parecem confluir dois vetores que constituem o foco desta pesquisa, em tens\u00e3o com a mencionada purifica\u00e7\u00e3o. Por um lado, uma gradativa pornifica\u00e7\u00e3o do olhar que teria se iniciado nos albores da era moderna, com a seculariza\u00e7\u00e3o do mundo e dos corpos, e cuja for\u00e7a hoje talvez esteja se esgotando ou se reconfigurando, apontando para uma eventual despornifica\u00e7\u00e3o dos olhares. Por outro lado, uma inovadora politiza\u00e7\u00e3o da nudez, que envolve a exposi\u00e7\u00e3o volunt\u00e1ria do pr\u00f3prio corpo desprovido de roupas &#8212; sobretudo, o feminino &#8212; com a inten\u00e7\u00e3o de reivindicar diversas causas numa diversidade de espa\u00e7os p\u00fablicos: das ruas das cidades \u00e0s telas midi\u00e1ticas, incluindo a\u00ed as redes sociais da internet. Nesse quadro de intensas e velozes muta\u00e7\u00f5es, a no\u00e7\u00e3o de obscenidade n\u00e3o parece ter sido abandonada por completo, mas atravessa importantes redefini\u00e7\u00f5es, assim como os padr\u00f5es de beleza e seus amb\u00edguos rigores.<\/p>\n<p style=\"text-align: justify;\">[\/et_pb_text][et_pb_text _builder_version=&#8221;4.27.2&#8243; _module_preset=&#8221;default&#8221; text_font=&#8221;Poppins|500|||||||&#8221; text_font_size=&#8221;13px&#8221; text_orientation=&#8221;justified&#8221; custom_margin=&#8221;0px||0px||true|false&#8221; custom_padding=&#8221;50px||0px||false|false&#8221; locked=&#8221;off&#8221; global_colors_info=&#8221;{}&#8221;]<\/p>\n<p style=\"text-align: justify;\">Projeto desenvolvido com apoio do CNPq (Bolsa de Produtividade em Pesquisa, 2015-2018) e da FAPERJ (Cientista do Nosso Estado, 2018-2020).<\/p>\n<p>[\/et_pb_text][\/et_pb_column][\/et_pb_row][\/et_pb_section][et_pb_section fb_built=&#8221;1&#8243; _builder_version=&#8221;4.27.2&#8243; _module_preset=&#8221;default&#8221; global_colors_info=&#8221;{%22gcid-6c7d0226-7d00-4233-b6cb-ba10bc829a18%22:%91%22background_color%22%93,%22gcid-ab8e6ac0-852e-45e7-bc70-9a14b82e0fb9%22:%91%22background_color%22%93}&#8221; background_color=&#8221;gcid-6c7d0226-7d00-4233-b6cb-ba10bc829a18&#8243; custom_margin=&#8221;0px||0px||true|false&#8221; custom_padding=&#8221;0px||100px||false|false&#8221;][\/et_pb_section]<\/p>\n","protected":false},"excerpt":{"rendered":"<p>Nos dois projetos trienais anteriores, foram examinadas algumas caracter\u00edsticas do fen\u00f4meno conhecido como &#8220;culto ao corpo&#8221; nos discursos midi\u00e1ticos e art\u00edsticos contempor\u00e2neos, sempre com o intuito de identificar suas implica\u00e7\u00f5es na produ\u00e7\u00e3o de um tipo de subjetividade diferenciada das vertentes modernas. Continuando essa pesquisa, agora pretendemos detectar os impactos dessas transforma\u00e7\u00f5es no que se considera [&hellip;]<\/p>\n","protected":false},"author":1,"featured_media":0,"parent":0,"menu_order":0,"comment_status":"closed","ping_status":"closed","template":"","meta":{"_et_pb_use_builder":"on","_et_pb_old_content":"<!-- wp:divi\/placeholder \/-->","_et_gb_content_width":"","footnotes":""},"class_list":["post-69","page","type-page","status-publish","hentry"],"_links":{"self":[{"href":"https:\/\/paulasibilia.com\/index.php\/wp-json\/wp\/v2\/pages\/69","targetHints":{"allow":["GET"]}}],"collection":[{"href":"https:\/\/paulasibilia.com\/index.php\/wp-json\/wp\/v2\/pages"}],"about":[{"href":"https:\/\/paulasibilia.com\/index.php\/wp-json\/wp\/v2\/types\/page"}],"author":[{"embeddable":true,"href":"https:\/\/paulasibilia.com\/index.php\/wp-json\/wp\/v2\/users\/1"}],"replies":[{"embeddable":true,"href":"https:\/\/paulasibilia.com\/index.php\/wp-json\/wp\/v2\/comments?post=69"}],"version-history":[{"count":11,"href":"https:\/\/paulasibilia.com\/index.php\/wp-json\/wp\/v2\/pages\/69\/revisions"}],"predecessor-version":[{"id":232960,"href":"https:\/\/paulasibilia.com\/index.php\/wp-json\/wp\/v2\/pages\/69\/revisions\/232960"}],"wp:attachment":[{"href":"https:\/\/paulasibilia.com\/index.php\/wp-json\/wp\/v2\/media?parent=69"}],"curies":[{"name":"wp","href":"https:\/\/api.w.org\/{rel}","templated":true}]}}