{"id":67,"date":"2024-04-09T15:33:52","date_gmt":"2024-04-09T18:33:52","guid":{"rendered":"https:\/\/paulasibilia2.lugarestudio.com.br\/?page_id=67"},"modified":"2024-10-30T19:39:46","modified_gmt":"2024-10-30T22:39:46","slug":"projetos","status":"publish","type":"page","link":"https:\/\/paulasibilia.com\/index.php\/projetos\/","title":{"rendered":"Projetos"},"content":{"rendered":"<p>[et_pb_section fb_built=&#8221;1&#8243; admin_label=&#8221;LIVROS&#8221; _builder_version=&#8221;4.27.2&#8243; _module_preset=&#8221;default&#8221; background_color=&#8221;#00457A&#8221; background_enable_image=&#8221;off&#8221; background_blend=&#8221;multiply&#8221; background_pattern_horizontal_offset=&#8221;-100%&#8221; background_pattern_vertical_offset=&#8221;100%&#8221; width=&#8221;100%&#8221; max_width=&#8221;100%&#8221; module_alignment=&#8221;center&#8221; max_height=&#8221;100%&#8221; custom_margin=&#8221;-55px||0px||false|false&#8221; mix_blend_mode=&#8221;multiply&#8221; locked=&#8221;off&#8221; collapsed=&#8221;off&#8221; global_colors_info=&#8221;{}&#8221;][et_pb_row column_structure=&#8221;2_3&#8243; _builder_version=&#8221;4.27.2&#8243; _module_preset=&#8221;default&#8221; custom_margin=&#8221;35px||||false|false&#8221; global_colors_info=&#8221;{}&#8221;][et_pb_column type=&#8221;2_3&#8243; _builder_version=&#8221;4.25.0&#8243; _module_preset=&#8221;default&#8221; global_colors_info=&#8221;{}&#8221;][et_pb_heading title=&#8221;PROJETOS&#8221; _builder_version=&#8221;4.27.2&#8243; _module_preset=&#8221;default&#8221; title_font=&#8221;Poppins|300|||||||&#8221; title_text_align=&#8221;left&#8221; title_text_color=&#8221;#FFFFFF&#8221; title_font_size=&#8221;60px&#8221; title_letter_spacing=&#8221;7px&#8221; title_text_shadow_style=&#8221;preset3&#8243; global_colors_info=&#8221;{}&#8221;][\/et_pb_heading][\/et_pb_column][\/et_pb_row][\/et_pb_section][et_pb_section fb_built=&#8221;1&#8243; admin_label=&#8221;2024&#8243; _builder_version=&#8221;4.27.2&#8243; _module_preset=&#8221;default&#8221; background_color=&#8221;#f4fbfb&#8221; module_alignment=&#8221;center&#8221; custom_margin=&#8221;0px||0px||true|false&#8221; custom_padding=&#8221;50px||50px||true|false&#8221; locked=&#8221;off&#8221; collapsed=&#8221;off&#8221; global_colors_info=&#8221;{}&#8221;][\/et_pb_section][et_pb_section fb_built=&#8221;1&#8243; _builder_version=&#8221;4.27.2&#8243; _module_preset=&#8221;default&#8221; background_color=&#8221;gcid-6c7d0226-7d00-4233-b6cb-ba10bc829a18&#8243; custom_margin=&#8221;0px||0px||true|false&#8221; custom_padding=&#8221;0px||100px||false|false&#8221; locked=&#8221;off&#8221; global_colors_info=&#8221;{%22gcid-6c7d0226-7d00-4233-b6cb-ba10bc829a18%22:%91%22background_color%22%93}&#8221;][et_pb_row column_structure=&#8221;2_5,3_5&#8243; use_custom_gutter=&#8221;on&#8221; gutter_width=&#8221;1&#8243; make_equal=&#8221;on&#8221; _builder_version=&#8221;4.27.2&#8243; _module_preset=&#8221;default&#8221; background_color=&#8221;gcid-ab8e6ac0-852e-45e7-bc70-9a14b82e0fb9&#8243; module_alignment=&#8221;center&#8221; min_height=&#8221;100%&#8221; height=&#8221;100%&#8221; max_height=&#8221;100%&#8221; custom_margin=&#8221;0px|0px|0px|0px|true|true&#8221; custom_padding=&#8221;0px|0px|0px|0px|true|false&#8221; border_width_all=&#8221;1px&#8221; border_color_all=&#8221;#000000&#8243; global_colors_info=&#8221;{%22gcid-ab8e6ac0-852e-45e7-bc70-9a14b82e0fb9%22:%91%22background_color%22,%22background_color%22,%22background_color%22%93}&#8221;][et_pb_column type=&#8221;2_5&#8243; _builder_version=&#8221;4.27.2&#8243; _module_preset=&#8221;default&#8221; background_color=&#8221;RGBA(255,255,255,0)&#8221; background_image=&#8221;https:\/\/paulasibilia.com\/wp-content\/uploads\/2024\/10\/ME21-projeto.jpg&#8221; custom_padding=&#8221;0px|0px|0px|0px|true|true&#8221; global_colors_info=&#8221;{}&#8221;][et_pb_button button_url=&#8221;https:\/\/malestar21.com.br\/o-evento\/seminario\/&#8221; url_new_window=&#8221;on&#8221; button_text=&#8221;projeto&#8221; button_alignment=&#8221;center&#8221; _builder_version=&#8221;4.27.2&#8243; _module_preset=&#8221;default&#8221; custom_button=&#8221;on&#8221; button_text_size=&#8221;17px&#8221; button_text_color=&#8221;gcid-ab8e6ac0-852e-45e7-bc70-9a14b82e0fb9&#8243; button_bg_color=&#8221;rgba(0,0,0,0.55)&#8221; button_border_width=&#8221;1px&#8221; button_border_color=&#8221;gcid-f9ca37a7-31b2-46d4-92a0-9f3a029615c0&#8243; button_border_radius=&#8221;0px&#8221; button_letter_spacing=&#8221;5px&#8221; button_font=&#8221;Poppins|300|||||||&#8221; button_icon=&#8221;&#x24;||divi||400&#8243; button_icon_color=&#8221;#FFFFFF&#8221; background_layout=&#8221;dark&#8221; custom_margin=&#8221;70px|0px|70px|0px|true|true&#8221; custom_padding=&#8221;70px|70px|70px|70px|true|true&#8221; animation_style=&#8221;fade&#8221; animation_delay=&#8221;100ms&#8221; animation_starting_opacity=&#8221;34%&#8221; box_shadow_style=&#8221;preset2&#8243; global_colors_info=&#8221;{%22gcid-ab8e6ac0-852e-45e7-bc70-9a14b82e0fb9%22:%91%22button_text_color%22,%22button_text_color%22%93,%22gcid-f9ca37a7-31b2-46d4-92a0-9f3a029615c0%22:%91%22button_border_color%22,%22button_border_color%22%93}&#8221;][\/et_pb_button][\/et_pb_column][et_pb_column type=&#8221;3_5&#8243; _builder_version=&#8221;4.27.2&#8243; _module_preset=&#8221;default&#8221; global_colors_info=&#8221;{}&#8221;][et_pb_heading title=&#8221;O mal-estar no s\u00e9culo XXI&#8221; _builder_version=&#8221;4.27.2&#8243; _module_preset=&#8221;default&#8221; title_level=&#8221;h3&#8243; title_font=&#8221;Poppins|||on|||||&#8221; title_font_size=&#8221;20px&#8221; title_line_height=&#8221;1.3em&#8221; custom_margin=&#8221;0px||0px||true|false&#8221; custom_padding=&#8221;30px|25px|0px|25px|false|true&#8221; global_colors_info=&#8221;{}&#8221;][\/et_pb_heading][et_pb_heading title=&#8221;Uma cartografia das transforma\u00e7\u00f5es hist\u00f3ricas nos modos de sofrer&#8221; admin_label=&#8221;subt\u00edtulo&#8221; _builder_version=&#8221;4.27.2&#8243; _module_preset=&#8221;default&#8221; title_level=&#8221;h3&#8243; title_font=&#8221;Poppins|||on|||||&#8221; title_text_align=&#8221;left&#8221; title_text_color=&#8221;#b28b00&#8243; title_font_size=&#8221;16px&#8221; title_line_height=&#8221;1.5em&#8221; custom_margin=&#8221;0px||0px||true|false&#8221; custom_padding=&#8221;0px|25px|10px|25px|false|true&#8221; locked=&#8221;off&#8221; global_colors_info=&#8221;{}&#8221;][\/et_pb_heading][et_pb_text _builder_version=&#8221;4.27.2&#8243; _module_preset=&#8221;default&#8221; text_orientation=&#8221;justified&#8221; custom_margin=&#8221;|0px||0px|false|false&#8221; custom_padding=&#8221;|25px||25px|false|true&#8221; global_colors_info=&#8221;{}&#8221;]<\/p>\n<p>A pesquisa busca explorar algumas transforma\u00e7\u00f5es nas formas de sofrimento que se tornaram mais habituais na atualidade, partindo do f\u00e9rtil conceito de mal-estar, formulado por Sigmund Freud, &#8220;O mal-estar na civiliza\u00e7\u00e3o&#8221; (1930).<\/p>\n<p>[\/et_pb_text][\/et_pb_column][\/et_pb_row][\/et_pb_section][et_pb_section fb_built=&#8221;1&#8243; _builder_version=&#8221;4.27.2&#8243; _module_preset=&#8221;default&#8221; background_color=&#8221;gcid-6c7d0226-7d00-4233-b6cb-ba10bc829a18&#8243; custom_margin=&#8221;0px||0px||true|false&#8221; custom_padding=&#8221;0px||100px||false|false&#8221; locked=&#8221;off&#8221; global_colors_info=&#8221;{%22gcid-6c7d0226-7d00-4233-b6cb-ba10bc829a18%22:%91%22background_color%22%93}&#8221;][et_pb_row column_structure=&#8221;2_5,3_5&#8243; use_custom_gutter=&#8221;on&#8221; gutter_width=&#8221;1&#8243; make_equal=&#8221;on&#8221; _builder_version=&#8221;4.27.2&#8243; _module_preset=&#8221;default&#8221; background_color=&#8221;gcid-ab8e6ac0-852e-45e7-bc70-9a14b82e0fb9&#8243; module_alignment=&#8221;center&#8221; min_height=&#8221;100%&#8221; height=&#8221;100%&#8221; max_height=&#8221;100%&#8221; custom_margin=&#8221;0px|0px|0px|0px|true|true&#8221; custom_padding=&#8221;0px|0px|0px|0px|true|false&#8221; border_width_all=&#8221;1px&#8221; border_color_all=&#8221;#000000&#8243; global_colors_info=&#8221;{%22gcid-ab8e6ac0-852e-45e7-bc70-9a14b82e0fb9%22:%91%22background_color%22,%22background_color%22,%22background_color%22%93}&#8221;][et_pb_column type=&#8221;2_5&#8243; _builder_version=&#8221;4.27.2&#8243; _module_preset=&#8221;default&#8221; background_color=&#8221;RGBA(255,255,255,0)&#8221; background_image=&#8221;https:\/\/paulasibilia.com\/wp-content\/uploads\/2024\/10\/narcisio-projeto.jpg&#8221; custom_padding=&#8221;0px|0px|0px|0px|true|true&#8221; global_colors_info=&#8221;{}&#8221;][et_pb_button button_url=&#8221;@ET-DC@eyJkeW5hbWljIjp0cnVlLCJjb250ZW50IjoicG9zdF9saW5rX3VybF9wYWdlIiwic2V0dGluZ3MiOnsicG9zdF9pZCI6Ijg1In19@&#8221; button_text=&#8221;projeto&#8221; button_alignment=&#8221;center&#8221; _builder_version=&#8221;4.27.2&#8243; _dynamic_attributes=&#8221;button_url&#8221; _module_preset=&#8221;default&#8221; custom_button=&#8221;on&#8221; button_text_size=&#8221;17px&#8221; button_text_color=&#8221;gcid-ab8e6ac0-852e-45e7-bc70-9a14b82e0fb9&#8243; button_bg_color=&#8221;rgba(0,0,0,0.55)&#8221; button_border_width=&#8221;1px&#8221; button_border_color=&#8221;gcid-f9ca37a7-31b2-46d4-92a0-9f3a029615c0&#8243; button_border_radius=&#8221;0px&#8221; button_letter_spacing=&#8221;5px&#8221; button_font=&#8221;Poppins|300|||||||&#8221; button_icon=&#8221;&#x24;||divi||400&#8243; button_icon_color=&#8221;#FFFFFF&#8221; background_layout=&#8221;dark&#8221; custom_margin=&#8221;70px|0px|70px|0px|true|true&#8221; custom_padding=&#8221;70px|70px|70px|70px|true|true&#8221; animation_style=&#8221;fade&#8221; animation_delay=&#8221;100ms&#8221; animation_starting_opacity=&#8221;34%&#8221; box_shadow_style=&#8221;preset2&#8243; global_colors_info=&#8221;{%22gcid-ab8e6ac0-852e-45e7-bc70-9a14b82e0fb9%22:%91%22button_text_color%22,%22button_text_color%22,%22button_text_color%22%93,%22gcid-f9ca37a7-31b2-46d4-92a0-9f3a029615c0%22:%91%22button_border_color%22,%22button_border_color%22,%22button_border_color%22%93}&#8221;][\/et_pb_button][\/et_pb_column][et_pb_column type=&#8221;3_5&#8243; _builder_version=&#8221;4.27.2&#8243; _module_preset=&#8221;default&#8221; global_colors_info=&#8221;{}&#8221;][et_pb_heading title=&#8221;NARCISO NO ESPELHO DO S\u00c9CULO XXI&#8221; _builder_version=&#8221;4.27.2&#8243; _module_preset=&#8221;default&#8221; title_level=&#8221;h3&#8243; title_font=&#8221;Poppins|||on|||||&#8221; title_font_size=&#8221;20px&#8221; title_line_height=&#8221;1.3em&#8221; custom_margin=&#8221;0px||0px||true|false&#8221; custom_padding=&#8221;30px|25px|0px|25px|false|true&#8221; global_colors_info=&#8221;{}&#8221;][\/et_pb_heading][et_pb_heading title=&#8221;Di\u00e1logos entre a Psican\u00e1lise, as Ci\u00eancias Sociais e a Comunica\u00e7\u00e3o&#8221; admin_label=&#8221;subt\u00edtulo&#8221; _builder_version=&#8221;4.27.2&#8243; _module_preset=&#8221;default&#8221; title_level=&#8221;h3&#8243; title_font=&#8221;Poppins|||on|||||&#8221; title_text_align=&#8221;left&#8221; title_text_color=&#8221;#b28b00&#8243; title_font_size=&#8221;16px&#8221; title_line_height=&#8221;1.5em&#8221; custom_margin=&#8221;0px||0px||true|false&#8221; custom_padding=&#8221;0px|25px|10px|25px|false|true&#8221; locked=&#8221;off&#8221; global_colors_info=&#8221;{}&#8221;][\/et_pb_heading][et_pb_text _builder_version=&#8221;4.27.2&#8243; _module_preset=&#8221;default&#8221; text_orientation=&#8221;justified&#8221; custom_margin=&#8221;|0px||0px|false|false&#8221; custom_padding=&#8221;|25px||25px|false|true&#8221; global_colors_info=&#8221;{}&#8221;]<\/p>\n<p>A proposta se inclui dentro de um projeto de pesquisa mais amplo, no campo da &#8220;genealogia das subjetividades&#8221;, que procura mapear as rela\u00e7\u00f5es atuais entre identidade, visibilidade e prazer, com o fim de contribuir para uma eventual atualiza\u00e7\u00e3o dos elementos que comp\u00f5em a no\u00e7\u00e3o de psiquismo.<\/p>\n<p>[\/et_pb_text][\/et_pb_column][\/et_pb_row][\/et_pb_section][et_pb_section fb_built=&#8221;1&#8243; _builder_version=&#8221;4.27.2&#8243; _module_preset=&#8221;default&#8221; background_color=&#8221;gcid-6c7d0226-7d00-4233-b6cb-ba10bc829a18&#8243; custom_margin=&#8221;0px||0px||true|false&#8221; custom_padding=&#8221;0px||100px||false|false&#8221; locked=&#8221;off&#8221; global_colors_info=&#8221;{%22gcid-6c7d0226-7d00-4233-b6cb-ba10bc829a18%22:%91%22background_color%22%93}&#8221;][et_pb_row column_structure=&#8221;2_5,3_5&#8243; use_custom_gutter=&#8221;on&#8221; gutter_width=&#8221;1&#8243; make_equal=&#8221;on&#8221; _builder_version=&#8221;4.27.2&#8243; _module_preset=&#8221;default&#8221; background_color=&#8221;gcid-ab8e6ac0-852e-45e7-bc70-9a14b82e0fb9&#8243; module_alignment=&#8221;center&#8221; min_height=&#8221;100%&#8221; height=&#8221;100%&#8221; max_height=&#8221;100%&#8221; custom_margin=&#8221;0px|0px|0px|0px|true|true&#8221; custom_padding=&#8221;0px|0px|0px|0px|true|false&#8221; border_width_all=&#8221;1px&#8221; border_color_all=&#8221;#000000&#8243; global_colors_info=&#8221;{%22gcid-ab8e6ac0-852e-45e7-bc70-9a14b82e0fb9%22:%91%22background_color%22,%22background_color%22,%22background_color%22%93}&#8221;][et_pb_column type=&#8221;2_5&#8243; _builder_version=&#8221;4.27.2&#8243; _module_preset=&#8221;default&#8221; background_color=&#8221;RGBA(255,255,255,0)&#8221; background_image=&#8221;https:\/\/paulasibilia.com\/wp-content\/uploads\/2024\/10\/CM-escolas.jpg&#8221; custom_padding=&#8221;0px|0px|0px|0px|true|true&#8221; global_colors_info=&#8221;{}&#8221;][et_pb_button button_url=&#8221;@ET-DC@eyJkeW5hbWljIjp0cnVlLCJjb250ZW50IjoicG9zdF9saW5rX3VybF9wYWdlIiwic2V0dGluZ3MiOnsicG9zdF9pZCI6Ijg3In19@&#8221; button_text=&#8221;projeto&#8221; button_alignment=&#8221;center&#8221; _builder_version=&#8221;4.27.2&#8243; _dynamic_attributes=&#8221;button_url&#8221; _module_preset=&#8221;default&#8221; custom_button=&#8221;on&#8221; button_text_size=&#8221;17px&#8221; button_text_color=&#8221;gcid-ab8e6ac0-852e-45e7-bc70-9a14b82e0fb9&#8243; button_bg_color=&#8221;rgba(0,0,0,0.55)&#8221; button_border_width=&#8221;1px&#8221; button_border_color=&#8221;gcid-f9ca37a7-31b2-46d4-92a0-9f3a029615c0&#8243; button_border_radius=&#8221;0px&#8221; button_letter_spacing=&#8221;5px&#8221; button_font=&#8221;Poppins|300|||||||&#8221; button_icon=&#8221;&#x24;||divi||400&#8243; button_icon_color=&#8221;#FFFFFF&#8221; background_layout=&#8221;dark&#8221; custom_margin=&#8221;70px|0px|70px|0px|true|true&#8221; custom_padding=&#8221;70px|70px|70px|70px|true|true&#8221; animation_style=&#8221;fade&#8221; animation_delay=&#8221;100ms&#8221; animation_starting_opacity=&#8221;34%&#8221; box_shadow_style=&#8221;preset2&#8243; global_colors_info=&#8221;{%22gcid-ab8e6ac0-852e-45e7-bc70-9a14b82e0fb9%22:%91%22button_text_color%22,%22button_text_color%22,%22button_text_color%22,%22button_text_color%22%93,%22gcid-f9ca37a7-31b2-46d4-92a0-9f3a029615c0%22:%91%22button_border_color%22,%22button_border_color%22,%22button_border_color%22,%22button_border_color%22%93}&#8221;][\/et_pb_button][\/et_pb_column][et_pb_column type=&#8221;3_5&#8243; _builder_version=&#8221;4.27.2&#8243; _module_preset=&#8221;default&#8221; global_colors_info=&#8221;{}&#8221;][et_pb_heading title=&#8221;%22OS CORPOS DA M\u00cdDIA%22 nas escolas&#8221; _builder_version=&#8221;4.27.2&#8243; _module_preset=&#8221;default&#8221; title_level=&#8221;h3&#8243; title_font=&#8221;Poppins|||on|||||&#8221; title_font_size=&#8221;20px&#8221; title_line_height=&#8221;1.3em&#8221; custom_margin=&#8221;0px||0px||true|false&#8221; custom_padding=&#8221;30px|25px|10px|25px|false|true&#8221; global_colors_info=&#8221;{}&#8221;][\/et_pb_heading][et_pb_text _builder_version=&#8221;4.27.2&#8243; _module_preset=&#8221;default&#8221; text_orientation=&#8221;justified&#8221; custom_margin=&#8221;|0px||0px|false|false&#8221; custom_padding=&#8221;|25px||25px|false|true&#8221; global_colors_info=&#8221;{}&#8221;]<\/p>\n<p>Trata-se de um conjunto de atividades realizadas junto a alunos do ensino m\u00e9dio em escolas p\u00fablicas sediadas no Estado do Rio de Janeiro, como parte dos projetos de pesquisa &#8220;Os corpos perfeitos da m\u00eddia e a moral da boa forma: Paradoxos da sa\u00fade, da beleza e da juventude nas experi\u00eancias corporais contempor\u00e2neas&#8221;, desenvolvido entre 2010 e 2013.<\/p>\n<p>[\/et_pb_text][\/et_pb_column][\/et_pb_row][\/et_pb_section][et_pb_section fb_built=&#8221;1&#8243; _builder_version=&#8221;4.27.2&#8243; _module_preset=&#8221;default&#8221; background_color=&#8221;gcid-6c7d0226-7d00-4233-b6cb-ba10bc829a18&#8243; custom_margin=&#8221;0px||0px||true|false&#8221; custom_padding=&#8221;0px||100px||false|false&#8221; hover_enabled=&#8221;0&#8243; locked=&#8221;off&#8221; global_colors_info=&#8221;{%22gcid-6c7d0226-7d00-4233-b6cb-ba10bc829a18%22:%91%22background_color%22%93}&#8221; sticky_enabled=&#8221;0&#8243;][et_pb_row column_structure=&#8221;2_5,3_5&#8243; use_custom_gutter=&#8221;on&#8221; gutter_width=&#8221;1&#8243; make_equal=&#8221;on&#8221; _builder_version=&#8221;4.27.2&#8243; _module_preset=&#8221;default&#8221; background_color=&#8221;gcid-ab8e6ac0-852e-45e7-bc70-9a14b82e0fb9&#8243; module_alignment=&#8221;center&#8221; min_height=&#8221;100%&#8221; height=&#8221;100%&#8221; max_height=&#8221;100%&#8221; custom_margin=&#8221;0px|0px|0px|0px|true|true&#8221; custom_padding=&#8221;0px|0px|0px|0px|true|false&#8221; border_width_all=&#8221;1px&#8221; border_color_all=&#8221;#000000&#8243; global_colors_info=&#8221;{%22gcid-ab8e6ac0-852e-45e7-bc70-9a14b82e0fb9%22:%91%22background_color%22,%22background_color%22,%22background_color%22%93}&#8221;][et_pb_column type=&#8221;2_5&#8243; _builder_version=&#8221;4.27.2&#8243; _module_preset=&#8221;default&#8221; background_color=&#8221;RGBA(255,255,255,0)&#8221; background_image=&#8221;https:\/\/paulasibilia.com\/wp-content\/uploads\/2024\/10\/rede-artemidia-1.jpg&#8221; custom_padding=&#8221;0px|0px|0px|0px|true|true&#8221; global_colors_info=&#8221;{}&#8221;][et_pb_button button_url=&#8221;@ET-DC@eyJkeW5hbWljIjp0cnVlLCJjb250ZW50IjoicG9zdF9saW5rX3VybF9wYWdlIiwic2V0dGluZ3MiOnsicG9zdF9pZCI6Ijg5In19@&#8221; button_text=&#8221;projeto&#8221; button_alignment=&#8221;center&#8221; _builder_version=&#8221;4.27.2&#8243; _dynamic_attributes=&#8221;button_url&#8221; _module_preset=&#8221;default&#8221; custom_button=&#8221;on&#8221; button_text_size=&#8221;17px&#8221; button_text_color=&#8221;gcid-ab8e6ac0-852e-45e7-bc70-9a14b82e0fb9&#8243; button_bg_color=&#8221;rgba(0,0,0,0.55)&#8221; button_border_width=&#8221;1px&#8221; button_border_color=&#8221;gcid-f9ca37a7-31b2-46d4-92a0-9f3a029615c0&#8243; button_border_radius=&#8221;0px&#8221; button_letter_spacing=&#8221;5px&#8221; button_font=&#8221;Poppins|300|||||||&#8221; button_icon=&#8221;&#x24;||divi||400&#8243; button_icon_color=&#8221;#FFFFFF&#8221; background_layout=&#8221;dark&#8221; custom_margin=&#8221;70px|0px|70px|0px|true|true&#8221; custom_padding=&#8221;70px|70px|70px|70px|true|true&#8221; animation_style=&#8221;fade&#8221; animation_delay=&#8221;100ms&#8221; animation_starting_opacity=&#8221;34%&#8221; box_shadow_style=&#8221;preset2&#8243; global_colors_info=&#8221;{%22gcid-ab8e6ac0-852e-45e7-bc70-9a14b82e0fb9%22:%91%22button_text_color%22,%22button_text_color%22,%22button_text_color%22,%22button_text_color%22%93,%22gcid-f9ca37a7-31b2-46d4-92a0-9f3a029615c0%22:%91%22button_border_color%22,%22button_border_color%22,%22button_border_color%22,%22button_border_color%22%93}&#8221;][\/et_pb_button][\/et_pb_column][et_pb_column type=&#8221;3_5&#8243; _builder_version=&#8221;4.27.2&#8243; _module_preset=&#8221;default&#8221; global_colors_info=&#8221;{}&#8221;][et_pb_heading title=&#8221;Rede Internacional de Pesquisa ARTEM\u00cdDIA&#8221; _builder_version=&#8221;4.27.2&#8243; _module_preset=&#8221;default&#8221; title_level=&#8221;h3&#8243; title_font=&#8221;Poppins|||on|||||&#8221; title_font_size=&#8221;20px&#8221; title_line_height=&#8221;1.3em&#8221; custom_margin=&#8221;0px||0px||true|false&#8221; custom_padding=&#8221;30px|25px|0px|25px|false|true&#8221; global_colors_info=&#8221;{}&#8221;][\/et_pb_heading][et_pb_heading title=&#8221;T\u00e9cnicas e subjetividades nas artes e nas m\u00eddias contempor\u00e2neas&#8221; admin_label=&#8221;subt\u00edtulo&#8221; _builder_version=&#8221;4.27.2&#8243; _module_preset=&#8221;default&#8221; title_level=&#8221;h3&#8243; title_font=&#8221;Poppins|||on|||||&#8221; title_text_align=&#8221;left&#8221; title_text_color=&#8221;#b28b00&#8243; title_font_size=&#8221;16px&#8221; title_line_height=&#8221;1.5em&#8221; custom_margin=&#8221;0px||0px||true|false&#8221; custom_padding=&#8221;0px|25px|10px|25px|false|true&#8221; locked=&#8221;off&#8221; global_colors_info=&#8221;{}&#8221;][\/et_pb_heading][et_pb_text _builder_version=&#8221;4.27.2&#8243; _module_preset=&#8221;default&#8221; text_orientation=&#8221;justified&#8221; custom_margin=&#8221;|0px||0px|false|false&#8221; custom_padding=&#8221;|25px||25px|false|true&#8221; global_colors_info=&#8221;{}&#8221;]<\/p>\n<p>Trata-se de uma rede constitu\u00edda por pesquisadores do Brasil, Argentina, Col\u00f4mbia, M\u00e9xico e Fran\u00e7a. A rede foi pensada como uma iniciativa com vistas a enriquecer as discuss\u00f5es em torno \u00e0s imagens e aos discursos sobre o corpo presentes nas artes e nas m\u00eddias contempor\u00e2neas, tecendo di\u00e1logos entre os diversos projetos de pesquisa de seus integrantes.<\/p>\n<p>[\/et_pb_text][\/et_pb_column][\/et_pb_row][\/et_pb_section][et_pb_section fb_built=&#8221;1&#8243; _builder_version=&#8221;4.25.0&#8243; _module_preset=&#8221;default&#8221; background_color=&#8221;#f4fbfb&#8221; locked=&#8221;off&#8221; collapsed=&#8221;on&#8221; global_colors_info=&#8221;{}&#8221;][\/et_pb_section]<\/p>\n","protected":false},"excerpt":{"rendered":"<p>A pesquisa busca explorar algumas transforma\u00e7\u00f5es nas formas de sofrimento que se tornaram mais habituais na atualidade, partindo do f\u00e9rtil conceito de mal-estar, formulado por Sigmund Freud, &#8220;O mal-estar na civiliza\u00e7\u00e3o&#8221; (1930).A proposta se inclui dentro de um projeto de pesquisa mais amplo, no campo da &#8220;genealogia das subjetividades&#8221;, que procura mapear as rela\u00e7\u00f5es atuais [&hellip;]<\/p>\n","protected":false},"author":1,"featured_media":0,"parent":0,"menu_order":0,"comment_status":"closed","ping_status":"closed","template":"","meta":{"_et_pb_use_builder":"on","_et_pb_old_content":"<!-- wp:divi\/placeholder \/-->","_et_gb_content_width":"","footnotes":""},"class_list":["post-67","page","type-page","status-publish","hentry"],"_links":{"self":[{"href":"https:\/\/paulasibilia.com\/index.php\/wp-json\/wp\/v2\/pages\/67","targetHints":{"allow":["GET"]}}],"collection":[{"href":"https:\/\/paulasibilia.com\/index.php\/wp-json\/wp\/v2\/pages"}],"about":[{"href":"https:\/\/paulasibilia.com\/index.php\/wp-json\/wp\/v2\/types\/page"}],"author":[{"embeddable":true,"href":"https:\/\/paulasibilia.com\/index.php\/wp-json\/wp\/v2\/users\/1"}],"replies":[{"embeddable":true,"href":"https:\/\/paulasibilia.com\/index.php\/wp-json\/wp\/v2\/comments?post=67"}],"version-history":[{"count":42,"href":"https:\/\/paulasibilia.com\/index.php\/wp-json\/wp\/v2\/pages\/67\/revisions"}],"predecessor-version":[{"id":232944,"href":"https:\/\/paulasibilia.com\/index.php\/wp-json\/wp\/v2\/pages\/67\/revisions\/232944"}],"wp:attachment":[{"href":"https:\/\/paulasibilia.com\/index.php\/wp-json\/wp\/v2\/media?parent=67"}],"curies":[{"name":"wp","href":"https:\/\/api.w.org\/{rel}","templated":true}]}}